{"id":272229,"date":"2023-02-28T14:39:11","date_gmt":"2023-02-28T13:39:11","guid":{"rendered":"https:\/\/www.airsportschamonix.fr\/paragliding-courses\/copie-initiation-course\/"},"modified":"2026-01-09T15:26:09","modified_gmt":"2026-01-09T14:26:09","slug":"copie-initiation-course","status":"publish","type":"page","link":"https:\/\/www.airsportschamonix.fr\/en\/paragliding-courses\/copie-initiation-course\/","title":{"rendered":"COPIE &#8211; Initiation course"},"content":{"rendered":"<p>[et_pb_section fb_built=&#8221;1&#8243; _builder_version=&#8221;4.20.1&#8243; _module_preset=&#8221;default&#8221; min_height=&#8221;500px&#8221; min_height_tablet=&#8221;500px&#8221; min_height_phone=&#8221;500px&#8221; min_height_last_edited=&#8221;on|phone&#8221; height_last_edited=&#8221;off|phone&#8221; max_height=&#8221;50vh&#8221; max_height_tablet=&#8221;50vh&#8221; max_height_phone=&#8221;50vh&#8221; max_height_last_edited=&#8221;on|tablet&#8221; overflow-x=&#8221;hidden&#8221; overflow-y=&#8221;hidden&#8221; custom_margin=&#8221;||||false|false&#8221; custom_padding=&#8221;0px||0px||false|false&#8221; bottom_divider_style=&#8221;mountains2&#8243; bottom_divider_color=&#8221;#FFFFFF&#8221; bottom_divider_flip=&#8221;horizontal&#8221; bottom_divider_arrangement=&#8221;above_content&#8221; locked=&#8221;off&#8221; global_colors_info=&#8221;%91%93&#8243; min_height__hover_enabled=&#8221;off|desktop&#8221;][et_pb_row column_structure=&#8221;1_2,1_2&#8243; use_custom_gutter=&#8221;on&#8221; gutter_width=&#8221;1&#8243; make_equal=&#8221;on&#8221; _builder_version=&#8221;4.20.1&#8243; _module_preset=&#8221;default&#8221; background_color=&#8221;#18549C&#8221; width=&#8221;100%&#8221; max_width=&#8221;2560px&#8221; min_height=&#8221;500px&#8221; min_height_tablet=&#8221;&#8221; min_height_phone=&#8221;&#8221; min_height_last_edited=&#8221;on|phone&#8221; max_height=&#8221;50vh&#8221; custom_margin=&#8221;||||false|false&#8221; custom_padding=&#8221;0px||0px||false|false&#8221; global_colors_info=&#8221;%91%93&#8243;][et_pb_column type=&#8221;1_2&#8243; _builder_version=&#8221;4.19.4&#8243; _module_preset=&#8221;default&#8221; position_origin_a_tablet=&#8221;&#8221; position_origin_a_phone=&#8221;&#8221; position_origin_a_last_edited=&#8221;on|tablet&#8221; position_origin_f_tablet=&#8221;&#8221; position_origin_f_phone=&#8221;&#8221; position_origin_f_last_edited=&#8221;on|tablet&#8221; position_origin_r_tablet=&#8221;&#8221; position_origin_r_phone=&#8221;&#8221; position_origin_r_last_edited=&#8221;on|tablet&#8221; positioning_tablet=&#8221;absolute&#8221; positioning_phone=&#8221;absolute&#8221; positioning_last_edited=&#8221;on|tablet&#8221; z_index_tablet=&#8221;15&#8243; z_index_phone=&#8221;15&#8243; z_index_last_edited=&#8221;on|tablet&#8221; global_colors_info=&#8221;{}&#8221; custom_css_main_element_last_edited=&#8221;on|phone&#8221; custom_css_main_element_tablet=&#8221;height:100%;&#8221; custom_css_main_element_phone=&#8221;height:100%;&#8221;][et_pb_text _builder_version=&#8221;4.20.2&#8243; _module_preset=&#8221;default&#8221; text_font=&#8221;|600|||||||&#8221; header_font=&#8221;|600|||||||&#8221; header_text_align=&#8221;right&#8221; header_text_color=&#8221;#FFFFFF&#8221; header_letter_spacing=&#8221;1px&#8221; header_line_height=&#8221;1.6em&#8221; positioning=&#8221;absolute&#8221; position_origin_a=&#8221;bottom_right&#8221; position_origin_r=&#8221;top_right&#8221; vertical_offset=&#8221;15%&#8221; horizontal_offset=&#8221;0%&#8221; vertical_offset_tablet=&#8221;12%&#8221; vertical_offset_phone=&#8221;12%&#8221; vertical_offset_last_edited=&#8221;on|tablet&#8221; position_origin_a_tablet=&#8221;bottom_center&#8221; position_origin_a_phone=&#8221;top_center&#8221; position_origin_a_last_edited=&#8221;on|tablet&#8221; position_origin_f_tablet=&#8221;&#8221; position_origin_f_phone=&#8221;&#8221; position_origin_f_last_edited=&#8221;on|tablet&#8221; position_origin_r_tablet=&#8221;top_right&#8221; position_origin_r_phone=&#8221;top_right&#8221; position_origin_r_last_edited=&#8221;on|tablet&#8221; width_tablet=&#8221;80%&#8221; width_phone=&#8221;100%&#8221; width_last_edited=&#8221;on|tablet&#8221; custom_padding=&#8221;|||20%|false|false&#8221; custom_padding_tablet=&#8221;|||0%|false|false&#8221; custom_padding_phone=&#8221;50px|30px||30px|false|true&#8221; custom_padding_last_edited=&#8221;on|tablet&#8221; header_text_align_tablet=&#8221;left&#8221; header_text_align_phone=&#8221;left&#8221; header_text_align_last_edited=&#8221;on|tablet&#8221; header_font_size_tablet=&#8221;2.4rem&#8221; header_font_size_phone=&#8221;2rem&#8221; header_font_size_last_edited=&#8221;on|tablet&#8221; positioning_tablet=&#8221;absolute&#8221; positioning_phone=&#8221;relative&#8221; positioning_last_edited=&#8221;on|tablet&#8221; text_text_shadow_style=&#8221;preset3&#8243; header_text_shadow_style=&#8221;preset3&#8243; global_colors_info=&#8221;{}&#8221;]<\/p>\n<h1>Initiation course<\/h1>\n<p>Have you always dreamed of flying alone? The elementary paragliding course offered by Air Sports Chamonix is for you! This 5-day course will allow you to learn the basics of paragliding and to fly alone in record time. Accessible from 15 years old, this course requires no previous knowledge.<\/p>\n<p>[\/et_pb_text][\/et_pb_column][et_pb_column type=&#8221;1_2&#8243; _builder_version=&#8221;4.19.4&#8243; _module_preset=&#8221;default&#8221; background_color=&#8221;#FFFFFF&#8221; global_colors_info=&#8221;{}&#8221; custom_css_main_element_last_edited=&#8221;on|phone&#8221;][et_pb_image src=&#8221;https:\/\/www.airsportschamonix.fr\/wp-content\/uploads\/2023\/02\/IMG_0234-scaled.jpg&#8221; title_text=&#8221;IMG_0234&#8243; _builder_version=&#8221;4.20.1&#8243; _module_preset=&#8221;default&#8221; width_tablet=&#8221;&#8221; width_phone=&#8221;160%&#8221; width_last_edited=&#8221;on|phone&#8221; global_colors_info=&#8221;{}&#8221;][\/et_pb_image][\/et_pb_column][\/et_pb_row][et_pb_row column_structure=&#8221;1_2,1_2&#8243; use_custom_gutter=&#8221;on&#8221; gutter_width=&#8221;1&#8243; make_equal=&#8221;on&#8221; disabled_on=&#8221;on|on|off&#8221; _builder_version=&#8221;4.19.4&#8243; _module_preset=&#8221;default&#8221; positioning=&#8221;absolute&#8221; width=&#8221;100%&#8221; max_width=&#8221;2560px&#8221; height=&#8221;100%&#8221; custom_padding=&#8221;0px||0px||false|false&#8221; global_colors_info=&#8221;%91%93&#8243;][et_pb_column type=&#8221;1_2&#8243; _builder_version=&#8221;4.19.4&#8243; _module_preset=&#8221;default&#8221; global_colors_info=&#8221;{}&#8221;][\/et_pb_column][et_pb_column type=&#8221;1_2&#8243; _builder_version=&#8221;4.19.4&#8243; _module_preset=&#8221;default&#8221; background_enable_color=&#8221;off&#8221; background_enable_mask_style=&#8221;on&#8221; background_mask_style=&#8221;caret&#8221; background_mask_color=&#8221;#18549C&#8221; background_mask_transform=&#8221;flip_horizontal|invert&#8221; background_mask_aspect_ratio=&#8221;portrait&#8221; background_mask_size=&#8221;contain&#8221; background_mask_position=&#8221;center_right&#8221; background_mask_horizontal_offset=&#8221;-115px&#8221; global_colors_info=&#8221;{}&#8221;][\/et_pb_column][\/et_pb_row][\/et_pb_section][et_pb_section fb_built=&#8221;1&#8243; _builder_version=&#8221;4.21.0&#8243; _module_preset=&#8221;default&#8221; custom_margin=&#8221;||||false|false&#8221; global_colors_info=&#8221;{}&#8221;][et_pb_row column_structure=&#8221;1_5,1_5,1_5,1_5,1_5&#8243; _builder_version=&#8221;4.21.0&#8243; _module_preset=&#8221;default&#8221; global_colors_info=&#8221;{}&#8221;][et_pb_column type=&#8221;1_5&#8243; _builder_version=&#8221;4.20.0&#8243; _module_preset=&#8221;default&#8221; global_colors_info=&#8221;{}&#8221;][et_pb_blurb title=&#8221;For whom?&#8221; use_icon=&#8221;on&#8221; font_icon=&#8221;&#xf500;||fa||900&#8243; icon_color=&#8221;#00E203&#8243; image_icon_width=&#8221;6vw&#8221; _builder_version=&#8221;4.20.2&#8243; _module_preset=&#8221;default&#8221; header_font_size=&#8221;2rem&#8221; body_font_size=&#8221;1.2rem&#8221; text_orientation=&#8221;center&#8221; custom_css_blurb_image=&#8221;margin:10px&#8221; custom_css_blurb_title=&#8221;margin-bottom:15px&#8221; global_colors_info=&#8221;{}&#8221;]<\/p>\n<p>Anyone over 15 years old who wants to learn to fly a paraglider.<\/p>\n<p>[\/et_pb_blurb][\/et_pb_column][et_pb_column type=&#8221;1_5&#8243; _builder_version=&#8221;4.20.0&#8243; _module_preset=&#8221;default&#8221; global_colors_info=&#8221;{}&#8221;][et_pb_blurb title=&#8221;When?&#8221; use_icon=&#8221;on&#8221; font_icon=&#8221;&#xe60d;||divi||400&#8243; icon_color=&#8221;#00E203&#8243; image_icon_width=&#8221;6vw&#8221; _builder_version=&#8221;4.20.2&#8243; _module_preset=&#8221;default&#8221; header_font_size=&#8221;2rem&#8221; body_font_size=&#8221;1.2rem&#8221; text_orientation=&#8221;center&#8221; custom_css_blurb_image=&#8221;margin:10px&#8221; custom_css_blurb_title=&#8221;margin-bottom:15px&#8221; global_colors_info=&#8221;{}&#8221;]<\/p>\n<p>The 5-day introductory courses start every Monday, between April and October.<\/p>\n<p>[\/et_pb_blurb][\/et_pb_column][et_pb_column type=&#8221;1_5&#8243; _builder_version=&#8221;4.20.0&#8243; _module_preset=&#8221;default&#8221; global_colors_info=&#8221;{}&#8221;][et_pb_blurb title=&#8221;Where?&#8221; use_icon=&#8221;on&#8221; font_icon=&#8221;&#xe01c;||divi||400&#8243; icon_color=&#8221;#00E203&#8243; image_icon_width=&#8221;6vw&#8221; _builder_version=&#8221;4.20.2&#8243; _module_preset=&#8221;default&#8221; header_font_size=&#8221;2rem&#8221; body_font_size=&#8221;1.2rem&#8221; text_orientation=&#8221;center&#8221; custom_css_blurb_image=&#8221;margin:10px&#8221; custom_css_blurb_title=&#8221;margin-bottom:15px&#8221; global_colors_info=&#8221;{}&#8221;]<\/p>\n<p>In the sky of Chamonix and its surroundings, depending on the weather conditions.<\/p>\n<p>[\/et_pb_blurb][\/et_pb_column][et_pb_column type=&#8221;1_5&#8243; _builder_version=&#8221;4.20.0&#8243; _module_preset=&#8221;default&#8221; global_colors_info=&#8221;{}&#8221;][et_pb_blurb title=&#8221;Price&#8221; use_icon=&#8221;on&#8221; font_icon=&#8221;&#xe018;||divi||400&#8243; icon_color=&#8221;#00E203&#8243; image_icon_width=&#8221;6vw&#8221; _builder_version=&#8221;4.27.5&#8243; _module_preset=&#8221;default&#8221; header_font_size=&#8221;2rem&#8221; body_font_size=&#8221;1.2rem&#8221; text_orientation=&#8221;center&#8221; hover_enabled=&#8221;0&#8243; custom_css_blurb_image=&#8221;margin:10px&#8221; custom_css_blurb_title=&#8221;margin-bottom:15px&#8221; global_colors_info=&#8221;{}&#8221; sticky_enabled=&#8221;0&#8243;]<\/p>\n<p>A partir de 799 \u20ac pour le stage de 5 jours.<\/p>\n<p>[\/et_pb_blurb][\/et_pb_column][et_pb_column type=&#8221;1_5&#8243; _builder_version=&#8221;4.20.0&#8243; _module_preset=&#8221;default&#8221; global_colors_info=&#8221;{}&#8221;][et_pb_blurb title=&#8221;Equipment&#8221; use_icon=&#8221;on&#8221; font_icon=&#8221;&#xf6ec;||fa||900&#8243; icon_color=&#8221;#00E203&#8243; image_icon_width=&#8221;6vw&#8221; _builder_version=&#8221;4.20.2&#8243; _module_preset=&#8221;default&#8221; header_font_size=&#8221;2rem&#8221; body_font_size=&#8221;1.2rem&#8221; text_orientation=&#8221;center&#8221; custom_css_blurb_image=&#8221;margin:10px&#8221; custom_css_blurb_title=&#8221;margin-bottom:15px&#8221; global_colors_info=&#8221;{}&#8221;]<\/p>\n<p>Latest generation equipment at your disposal, with the possibility of purchasing it at the end of the course.<\/p>\n<p>[\/et_pb_blurb][\/et_pb_column][\/et_pb_row][\/et_pb_section][et_pb_section fb_built=&#8221;1&#8243; admin_label=&#8221;Section&#8221; _builder_version=&#8221;4.23.1&#8243; _module_preset=&#8221;default&#8221; custom_padding=&#8221;0px||||false|false&#8221; global_colors_info=&#8221;{}&#8221;][et_pb_row _builder_version=&#8221;4.23.1&#8243; _module_preset=&#8221;default&#8221; width=&#8221;100%&#8221; module_alignment=&#8221;center&#8221; global_colors_info=&#8221;{}&#8221;][et_pb_column type=&#8221;4_4&#8243; _builder_version=&#8221;4.23.1&#8243; _module_preset=&#8221;default&#8221; global_colors_info=&#8221;{}&#8221;][et_pb_code _builder_version=&#8221;4.24.2&#8243; _module_preset=&#8221;default&#8221; text_orientation=&#8221;center&#8221; width=&#8221;100%&#8221; module_alignment=&#8221;center&#8221; custom_margin=&#8221;0px||80px||false|false&#8221; locked=&#8221;off&#8221; global_colors_info=&#8221;{}&#8221;]<!-- Yoplanning Widget --><!-- [et_pb_line_break_holder] --><input class=\"YoplanningBookingEngine\" booking-engine-url=\"https:\/\/booking.yoplanning.pro\/e971e19a-0bea-4d30-8924-6ab0b890737e\/product\/9a078bf0-b6c9-41cc-8a85-bd4b380b9b66\" style=\"  border: 0; border-radius: 3px; -moz-border-radius: 3px; -webkit-border-radius: 3px; box-shadow: 0 1px 3px rgb(0 0 0 \/ 12%), 0 1px 2px rgb(0 0 0 \/ 24%); box-sizing: border-box; -webkit-box-sizing: border-box; cursor: pointer; display: inline-block; font-family:sans-serif; text-align: center; user-select: none; background-color: #00f900; font-weight:600; color: #fff; font-size: 48px; height: 84px; line-height: 44px; padding: 0px 40px; position: relative; z-index: 0;\" type=\"submit\" value=\"Dates and booking\"> <script type=\"text\/javascript\" src=\"https:\/\/booking.yoplanning.pro\/integration\/script.js\" async=\"\"><\/script><!-- [et_pb_line_break_holder] --><!-- End Yoplanning Widget -->[\/et_pb_code][\/et_pb_column][\/et_pb_row][et_pb_row column_structure=&#8221;1_2,1_2&#8243; make_equal=&#8221;on&#8221; _builder_version=&#8221;4.20.2&#8243; _module_preset=&#8221;default&#8221; global_colors_info=&#8221;{}&#8221;][et_pb_column type=&#8221;1_2&#8243; _builder_version=&#8221;4.20.0&#8243; _module_preset=&#8221;default&#8221; global_colors_info=&#8221;{}&#8221;][et_pb_text _builder_version=&#8221;4.20.2&#8243; _module_preset=&#8221;default&#8221; header_3_font=&#8221;|600|||||||&#8221; background_layout=&#8221;light&#8221; custom_margin=&#8221;||25px||false|false&#8221; global_colors_info=&#8221;{}&#8221;]<\/p>\n<p>During your  <strong>paragliding initiation course<\/strong>  you will learn the basics of paragliding and you will be able to  <strong>fly alone in just a few days!<\/strong>  Accessible from 14 years old, the initiation course lasts 5 days and includes ground training, theoretical courses, briefings, a flight in a pedagogical tandem plane as well as solo flights, where you will be guided by radio by our instructors.<\/p>\n<p>The course program includes ground training for take-off and piloting the wing, theoretical lessons on flying, flight plans and approaches, as well as tandem flights and solo flights guided by radio by our instructors. You will also be introduced to the basics of weather, flight priorities and the use of a reserve parachute. All this in groups of 4 to 8 students for an enriching and friendly experience.<\/p>\n<p><strong>We provide all the necessary equipment for the course<\/strong>, including paraglider, harness, reserve parachute, radio and helmet. All you need to bring are high shoes, sunglasses, warm clothes and thin gloves.<\/p>\n<p>If you want to invest in flying your own equipment, our instructors will be happy to help you choose the best products for your profile. We resell the biggest brands of paragliders and guarantee unbeatable prices.<\/p>\n<p>[\/et_pb_text][et_pb_video src=&#8221;https:\/\/www.youtube.com\/watch?v=2E5MtziMn0A&#8221; image_src=&#8221;\/\/i.ytimg.com\/vi\/2E5MtziMn0A\/hqdefault.jpg&#8221; font_icon=&#8221;&#x49;||divi||400&#8243; _builder_version=&#8221;4.20.2&#8243; _module_preset=&#8221;default&#8221; border_radii=&#8221;on|3px|3px|3px|3px&#8221; global_colors_info=&#8221;{}&#8221;][\/et_pb_video][\/et_pb_column][et_pb_column type=&#8221;1_2&#8243; _builder_version=&#8221;4.20.0&#8243; _module_preset=&#8221;default&#8221; global_colors_info=&#8221;{}&#8221;][et_pb_text _builder_version=&#8221;4.27.5&#8243; _module_preset=&#8221;default&#8221; header_3_font=&#8221;|600|||||||&#8221; background_layout=&#8221;light&#8221; hover_enabled=&#8221;0&#8243; global_colors_info=&#8221;{}&#8221; sticky_enabled=&#8221;0&#8243;]<\/p>\n<h3>Organisation du stage d\u2019initiation :<\/h3>\n<p>Les stages d\u2019initiation au parapente se d\u00e9roulent g\u00e9n\u00e9ralement <strong>du Lundi au Vendredi<\/strong> et comprennent 3 journ\u00e9es compl\u00e8tes (8h-18h) plus deux matin\u00e9es (8h\/13h). Les horaires peuvent varier en fonction de l\u2019\u00e9volution du groupe et de la m\u00e9t\u00e9o. Pr\u00e9voyez d\u2019\u00eatre disponible \u00e0 la journ\u00e9e, tous les jours de la semaine de stage.<\/p>\n<p>Les stage se d\u00e9roulent <strong>en groupe entre 4 et 8 \u00e9l\u00e8ves<\/strong>, et seront anim\u00e9s par 1 ou 2 moniteurs.<\/p>\n<h4>Programme du stage Initiation 5 Jours :<\/h4>\n<ul>\n<li>D\u00e9couverte du mat\u00e9riel et de l&#8217;\u00e9cole<\/li>\n<li>Entrainement au sol pour le d\u00e9collage et pilotage de l\u2019aile<\/li>\n<li>Th\u00e9orie du vol<\/li>\n<li>Les plans de vol et les approches<\/li>\n<li>Vols en biplace p\u00e9dagogique<\/li>\n<li>Les bases de la m\u00e9t\u00e9o<\/li>\n<li>Les priorit\u00e9s en vol<\/li>\n<li>briefing sur l&#8217;utilisation d\u2019un parachute de secours<\/li>\n<li>Premiers grands vols<\/li>\n<\/ul>\n<p>N\u2019h\u00e9sitez plus et lancez-vous dans cette aventure extraordinaire avec Air Sports Chamonix !<\/p>\n<h4>Compris dans le tarif:<\/h4>\n<ul>\n<li>la prestation des instructeurs<\/li>\n<li>la location du mat\u00e9riel ( parapente, sellette, parachute de secours, casque et radio)<\/li>\n<li>Les transport entre notre \u00e9cole et les diff\u00e9rents sites de vol en minibus.<\/li>\n<\/ul>\n<h4>Non compris dans le tarif :<\/h4>\n<ul>\n<li>Assurance RC obligatoire: environ 60 euros \/ an<\/li>\n<li>Tickets de remont\u00e9s m\u00e9canique (si besoin, en fonction des sites de vol)<\/li>\n<li>Assurance casse mat\u00e9riel facultative (10\u20ac\/jour)<\/li>\n<\/ul>\n<h4>Conditions particuli\u00e8res :<\/h4>\n<p>Le stage ne peut avoir lieu que si le nombre de participants est de minimum 4. Si ce nombre n\u2019est pas atteint, nous proposons trois solutions : opter pour une formation individuelle \u00e0 la carte, reporter le stage \u00e0 une autre date au faire un remboursement. En cas d\u2019annulation d\u2019une journ\u00e9e ou demi-journ\u00e9e de stage par l\u2019\u00e9cole pour cause de conditions m\u00e9t\u00e9o, un report ou remboursement partiel sera effectu\u00e9.<\/p>\n<p>[\/et_pb_text][\/et_pb_column][\/et_pb_row][\/et_pb_section][et_pb_section fb_built=&#8221;1&#8243; _builder_version=&#8221;4.23.1&#8243; _module_preset=&#8221;default&#8221; custom_padding=&#8221;0px||||false|false&#8221; top_divider_style=&#8221;graph2&#8243; top_divider_color=&#8221;#FFFFFF&#8221; top_divider_height=&#8221;50px&#8221; top_divider_flip=&#8221;vertical|horizontal&#8221; top_divider_arrangement=&#8221;above_content&#8221; bottom_divider_style=&#8221;slant2&#8243; bottom_divider_color=&#8221;#1A569C&#8221; bottom_divider_height=&#8221;55px&#8221; bottom_divider_flip=&#8221;horizontal&#8221; bottom_divider_arrangement=&#8221;above_content&#8221; global_colors_info=&#8221;{}&#8221;][et_pb_row _builder_version=&#8221;4.23.1&#8243; _module_preset=&#8221;default&#8221; width=&#8221;100%&#8221; module_alignment=&#8221;center&#8221; global_colors_info=&#8221;{}&#8221;][et_pb_column type=&#8221;4_4&#8243; _builder_version=&#8221;4.23.1&#8243; _module_preset=&#8221;default&#8221; global_colors_info=&#8221;{}&#8221;][et_pb_code _builder_version=&#8221;4.23.1&#8243; _module_preset=&#8221;default&#8221; text_orientation=&#8221;center&#8221; width=&#8221;100%&#8221; module_alignment=&#8221;center&#8221; custom_margin=&#8221;0px||80px||false|false&#8221; locked=&#8221;off&#8221; global_colors_info=&#8221;{}&#8221;]<!-- Yoplanning Widget --><!-- [et_pb_line_break_holder] --><input class=\"YoplanningBookingEngine\" booking-engine-url=\"https:\/\/booking.yoplanning.pro\/e971e19a-0bea-4d30-8924-6ab0b890737e\/product\/9a078bf0-b6c9-41cc-8a85-bd4b380b9b66\" style=\"  border: 0; border-radius: 3px; -moz-border-radius: 3px; -webkit-border-radius: 3px; box-shadow: 0 1px 3px rgb(0 0 0 \/ 12%), 0 1px 2px rgb(0 0 0 \/ 24%); box-sizing: border-box; -webkit-box-sizing: border-box; cursor: pointer; display: inline-block; font-family:sans-serif; text-align: center; user-select: none; background-color: #00f900; font-weight:600; color: #fff; font-size: 48px; height: 84px; line-height: 44px; padding: 0px 40px; position: relative; z-index: 0;\" type=\"submit\" value=\"Book\"> <script type=\"text\/javascript\" src=\"https:\/\/booking.yoplanning.pro\/integration\/script.js\" async=\"\"><\/script><!-- [et_pb_line_break_holder] --><!-- End Yoplanning Widget -->[\/et_pb_code][\/et_pb_column][\/et_pb_row][et_pb_row _builder_version=&#8221;4.21.0&#8243; _module_preset=&#8221;default&#8221; width=&#8221;100%&#8221; max_width=&#8221;2560px&#8221; custom_margin=&#8221;||50px||false|false&#8221; global_colors_info=&#8221;{}&#8221;][et_pb_column type=&#8221;4_4&#8243; _builder_version=&#8221;4.20.0&#8243; _module_preset=&#8221;default&#8221; global_colors_info=&#8221;{}&#8221;][wdcl_image_carousel nav_pagi=&#8221;nav_pagi&#8221; slide_count=&#8221;4&#8243; slide_spacing=&#8221;0px&#8221; is_auto_height=&#8221;on&#8221; is_center=&#8221;on&#8221; center_mode_type=&#8221;highlighted&#8221; arrow_height=&#8221;80px&#8221; arrow_width=&#8221;30px&#8221; arrow_pos_x=&#8221;-5px&#8221; icon_left=&#8221;&#x38;||divi||400&#8243; left_border_radius=&#8221;off|0px|10px|10px|0px&#8221; icon_right=&#8221;&#x39;||divi||400&#8243; right_border_radius=&#8221;off|10px|0px|0px|10px&#8221; use_lightbox=&#8221;on&#8221; slide_count_tablet=&#8221;2&#8243; slide_count_phone=&#8221;1&#8243; slide_count_last_edited=&#8221;on|phone&#8221; _builder_version=&#8221;4.21.0&#8243; _module_preset=&#8221;default&#8221; overflow-x=&#8221;hidden&#8221; overflow-y=&#8221;hidden&#8221; global_colors_info=&#8221;{}&#8221;][wdcl_image_carousel_child photo=&#8221;https:\/\/www.airsportschamonix.fr\/wp-content\/uploads\/2023\/05\/IMG_4666-scaled-Grande.jpeg&#8221; content_type=&#8221;normal&#8221; image_height=&#8221;500px&#8221; image_hover_animation=&#8221;zoom-in&#8221; _builder_version=&#8221;4.21.0&#8243; _module_preset=&#8221;default&#8221; custom_padding=&#8221;0px||0px||true|false&#8221; border_radii_item=&#8221;on|5px|5px|5px|5px&#8221; global_colors_info=&#8221;{}&#8221;][\/wdcl_image_carousel_child][wdcl_image_carousel_child photo=&#8221;https:\/\/www.airsportschamonix.fr\/wp-content\/uploads\/2023\/05\/IMG_4043-scaled-Grande.jpeg&#8221; content_type=&#8221;normal&#8221; image_height=&#8221;500px&#8221; image_hover_animation=&#8221;zoom-in&#8221; _builder_version=&#8221;4.21.0&#8243; _module_preset=&#8221;default&#8221; custom_padding=&#8221;0px||0px||true|false&#8221; border_radii_item=&#8221;on|5px|5px|5px|5px&#8221; global_colors_info=&#8221;{}&#8221;][\/wdcl_image_carousel_child][wdcl_image_carousel_child photo=&#8221;https:\/\/www.airsportschamonix.fr\/wp-content\/uploads\/2023\/05\/IMG_3302-scaled-Grande.jpeg&#8221; content_type=&#8221;normal&#8221; image_height=&#8221;500px&#8221; image_hover_animation=&#8221;zoom-in&#8221; _builder_version=&#8221;4.21.0&#8243; _module_preset=&#8221;default&#8221; custom_padding=&#8221;0px||0px||true|false&#8221; border_radii_item=&#8221;on|5px|5px|5px|5px&#8221; global_colors_info=&#8221;{}&#8221;][\/wdcl_image_carousel_child][wdcl_image_carousel_child photo=&#8221;https:\/\/www.airsportschamonix.fr\/wp-content\/uploads\/2023\/05\/IMG_0285-scaled-Grande.jpeg&#8221; content_type=&#8221;normal&#8221; image_height=&#8221;500px&#8221; image_hover_animation=&#8221;zoom-in&#8221; _builder_version=&#8221;4.21.0&#8243; _module_preset=&#8221;default&#8221; custom_padding=&#8221;0px||0px||true|false&#8221; border_radii_item=&#8221;on|5px|5px|5px|5px&#8221; global_colors_info=&#8221;{}&#8221;][\/wdcl_image_carousel_child][wdcl_image_carousel_child photo=&#8221;https:\/\/www.airsportschamonix.fr\/wp-content\/uploads\/2023\/05\/IMG_0236-1-scaled-Grande.jpeg&#8221; content_type=&#8221;normal&#8221; image_height=&#8221;500px&#8221; image_hover_animation=&#8221;zoom-in&#8221; _builder_version=&#8221;4.21.0&#8243; _module_preset=&#8221;default&#8221; custom_padding=&#8221;0px||0px||true|false&#8221; border_radii_item=&#8221;on|5px|5px|5px|5px&#8221; global_colors_info=&#8221;{}&#8221;][\/wdcl_image_carousel_child][wdcl_image_carousel_child photo=&#8221;https:\/\/www.airsportschamonix.fr\/wp-content\/uploads\/2023\/05\/IMG_0234-scaled-Grande.jpeg&#8221; content_width=&#8221;0%&#8221; content_type=&#8221;normal&#8221; image_height=&#8221;500px&#8221; image_hover_animation=&#8221;zoom-in&#8221; _builder_version=&#8221;4.21.0&#8243; _module_preset=&#8221;default&#8221; vertical_offset=&#8221;162px&#8221; custom_padding=&#8221;0px||0px||true|false&#8221; custom_css_main_element=&#8221;top:0;&#8221; border_radii_item=&#8221;on|5px|5px|5px|5px&#8221; global_colors_info=&#8221;{}&#8221;][\/wdcl_image_carousel_child][wdcl_image_carousel_child photo=&#8221;https:\/\/www.airsportschamonix.fr\/wp-content\/uploads\/2023\/05\/IMG_0233-scaled-Grande.jpeg&#8221; content_type=&#8221;normal&#8221; image_height=&#8221;500px&#8221; image_hover_animation=&#8221;zoom-in&#8221; _builder_version=&#8221;4.21.0&#8243; _module_preset=&#8221;default&#8221; custom_padding=&#8221;0px||0px||true|false&#8221; border_radii_item=&#8221;on|5px|5px|5px|5px&#8221; global_colors_info=&#8221;{}&#8221;][\/wdcl_image_carousel_child][\/wdcl_image_carousel][\/et_pb_column][\/et_pb_row][\/et_pb_section]<\/p>\n","protected":false},"excerpt":{"rendered":"<p>Initiation course Have you always dreamed of flying alone? The elementary paragliding course offered by Air Sports Chamonix is for you! This 5-day course will allow you to learn the basics of paragliding and to fly alone in record time. Accessible from 15 years old, this course requires no previous knowledge.Anyone over 15 years old [&hellip;]<\/p>\n","protected":false},"author":1,"featured_media":0,"parent":268896,"menu_order":0,"comment_status":"closed","ping_status":"closed","template":"","meta":{"_et_pb_use_builder":"on","_et_pb_old_content":"","_et_gb_content_width":"","_joinchat":null,"footnotes":""},"class_list":["post-272229","page","type-page","status-publish","hentry"],"yoast_head":"<!-- This site is optimized with the Yoast SEO plugin v27.1.1 - https:\/\/yoast.com\/product\/yoast-seo-wordpress\/ -->\n<title>COPIE - Initiation course - Air Sports - Paragliding Chamonix Mont-Blanc<\/title>\n<meta name=\"robots\" content=\"index, follow, max-snippet:-1, max-image-preview:large, max-video-preview:-1\" \/>\n<link rel=\"canonical\" href=\"https:\/\/www.airsportschamonix.fr\/en\/paragliding-courses\/copie-initiation-course\/\" \/>\n<meta property=\"og:locale\" content=\"en_US\" \/>\n<meta property=\"og:type\" content=\"article\" \/>\n<meta property=\"og:title\" content=\"COPIE - Initiation course - Air Sports - Paragliding Chamonix Mont-Blanc\" \/>\n<meta property=\"og:description\" content=\"Initiation course Have you always dreamed of flying alone? The elementary paragliding course offered by Air Sports Chamonix is for you! This 5-day course will allow you to learn the basics of paragliding and to fly alone in record time. Accessible from 15 years old, this course requires no previous knowledge.Anyone over 15 years old [&hellip;]\" \/>\n<meta property=\"og:url\" content=\"https:\/\/www.airsportschamonix.fr\/en\/paragliding-courses\/copie-initiation-course\/\" \/>\n<meta property=\"og:site_name\" content=\"Air Sports - Paragliding Chamonix Mont-Blanc\" \/>\n<meta property=\"article:publisher\" content=\"https:\/\/www.facebook.com\/AirSportsChamonix\/\" \/>\n<meta property=\"article:modified_time\" content=\"2026-01-09T14:26:09+00:00\" \/>\n<meta name=\"twitter:card\" content=\"summary_large_image\" \/>\n<meta name=\"twitter:site\" content=\"@airsportschx\" \/>\n<meta name=\"twitter:label1\" content=\"Est. reading time\" \/>\n\t<meta name=\"twitter:data1\" content=\"6 minutes\" \/>\n<script type=\"application\/ld+json\" class=\"yoast-schema-graph\">{\"@context\":\"https:\/\/schema.org\",\"@graph\":[{\"@type\":\"WebPage\",\"@id\":\"https:\/\/www.airsportschamonix.fr\/en\/paragliding-courses\/copie-initiation-course\/\",\"url\":\"https:\/\/www.airsportschamonix.fr\/en\/paragliding-courses\/copie-initiation-course\/\",\"name\":\"COPIE - Initiation course - Air Sports - Paragliding Chamonix Mont-Blanc\",\"isPartOf\":{\"@id\":\"https:\/\/www.airsportschamonix.fr\/en\/#website\"},\"datePublished\":\"2023-02-28T13:39:11+00:00\",\"dateModified\":\"2026-01-09T14:26:09+00:00\",\"breadcrumb\":{\"@id\":\"https:\/\/www.airsportschamonix.fr\/en\/paragliding-courses\/copie-initiation-course\/#breadcrumb\"},\"inLanguage\":\"en-US\",\"potentialAction\":[{\"@type\":\"ReadAction\",\"target\":[\"https:\/\/www.airsportschamonix.fr\/en\/paragliding-courses\/copie-initiation-course\/\"]}]},{\"@type\":\"BreadcrumbList\",\"@id\":\"https:\/\/www.airsportschamonix.fr\/en\/paragliding-courses\/copie-initiation-course\/#breadcrumb\",\"itemListElement\":[{\"@type\":\"ListItem\",\"position\":1,\"name\":\"Paragliding courses\",\"item\":\"https:\/\/www.airsportschamonix.fr\/en\/paragliding-courses\/\"},{\"@type\":\"ListItem\",\"position\":2,\"name\":\"COPIE &#8211; Initiation course\"}]},{\"@type\":\"WebSite\",\"@id\":\"https:\/\/www.airsportschamonix.fr\/en\/#website\",\"url\":\"https:\/\/www.airsportschamonix.fr\/en\/\",\"name\":\"Air Sports - Paragliding Chamonix Mont-Blanc\",\"description\":\"Ecole de parapente sur Chamonix Mont-Blanc - Bapt\u00eames de l&#039;air- Stages - Boutique\",\"publisher\":{\"@id\":\"https:\/\/www.airsportschamonix.fr\/en\/#organization\"},\"potentialAction\":[{\"@type\":\"SearchAction\",\"target\":{\"@type\":\"EntryPoint\",\"urlTemplate\":\"https:\/\/www.airsportschamonix.fr\/en\/?s={search_term_string}\"},\"query-input\":{\"@type\":\"PropertyValueSpecification\",\"valueRequired\":true,\"valueName\":\"search_term_string\"}}],\"inLanguage\":\"en-US\"},{\"@type\":\"Organization\",\"@id\":\"https:\/\/www.airsportschamonix.fr\/en\/#organization\",\"name\":\"Air Sports Chamonix\",\"alternateName\":\"Air Sports\",\"url\":\"https:\/\/www.airsportschamonix.fr\/en\/\",\"logo\":{\"@type\":\"ImageObject\",\"inLanguage\":\"en-US\",\"@id\":\"https:\/\/www.airsportschamonix.fr\/en\/#\/schema\/logo\/image\/\",\"url\":\"https:\/\/www.airsportschamonix.fr\/wp-content\/uploads\/2023\/03\/LOGO-OFFICIEL-Moyenne.png\",\"contentUrl\":\"https:\/\/www.airsportschamonix.fr\/wp-content\/uploads\/2023\/03\/LOGO-OFFICIEL-Moyenne.png\",\"width\":640,\"height\":425,\"caption\":\"Air Sports Chamonix\"},\"image\":{\"@id\":\"https:\/\/www.airsportschamonix.fr\/en\/#\/schema\/logo\/image\/\"},\"sameAs\":[\"https:\/\/www.facebook.com\/AirSportsChamonix\/\",\"https:\/\/x.com\/airsportschx\",\"https:\/\/www.instagram.com\/airsportschamonix\/\"]}]}<\/script>\n<!-- \/ Yoast SEO plugin. -->","yoast_head_json":{"title":"COPIE - Initiation course - Air Sports - Paragliding Chamonix Mont-Blanc","robots":{"index":"index","follow":"follow","max-snippet":"max-snippet:-1","max-image-preview":"max-image-preview:large","max-video-preview":"max-video-preview:-1"},"canonical":"https:\/\/www.airsportschamonix.fr\/en\/paragliding-courses\/copie-initiation-course\/","og_locale":"en_US","og_type":"article","og_title":"COPIE - Initiation course - Air Sports - Paragliding Chamonix Mont-Blanc","og_description":"Initiation course Have you always dreamed of flying alone? The elementary paragliding course offered by Air Sports Chamonix is for you! This 5-day course will allow you to learn the basics of paragliding and to fly alone in record time. Accessible from 15 years old, this course requires no previous knowledge.Anyone over 15 years old [&hellip;]","og_url":"https:\/\/www.airsportschamonix.fr\/en\/paragliding-courses\/copie-initiation-course\/","og_site_name":"Air Sports - Paragliding Chamonix Mont-Blanc","article_publisher":"https:\/\/www.facebook.com\/AirSportsChamonix\/","article_modified_time":"2026-01-09T14:26:09+00:00","twitter_card":"summary_large_image","twitter_site":"@airsportschx","twitter_misc":{"Est. reading time":"6 minutes"},"schema":{"@context":"https:\/\/schema.org","@graph":[{"@type":"WebPage","@id":"https:\/\/www.airsportschamonix.fr\/en\/paragliding-courses\/copie-initiation-course\/","url":"https:\/\/www.airsportschamonix.fr\/en\/paragliding-courses\/copie-initiation-course\/","name":"COPIE - Initiation course - Air Sports - Paragliding Chamonix Mont-Blanc","isPartOf":{"@id":"https:\/\/www.airsportschamonix.fr\/en\/#website"},"datePublished":"2023-02-28T13:39:11+00:00","dateModified":"2026-01-09T14:26:09+00:00","breadcrumb":{"@id":"https:\/\/www.airsportschamonix.fr\/en\/paragliding-courses\/copie-initiation-course\/#breadcrumb"},"inLanguage":"en-US","potentialAction":[{"@type":"ReadAction","target":["https:\/\/www.airsportschamonix.fr\/en\/paragliding-courses\/copie-initiation-course\/"]}]},{"@type":"BreadcrumbList","@id":"https:\/\/www.airsportschamonix.fr\/en\/paragliding-courses\/copie-initiation-course\/#breadcrumb","itemListElement":[{"@type":"ListItem","position":1,"name":"Paragliding courses","item":"https:\/\/www.airsportschamonix.fr\/en\/paragliding-courses\/"},{"@type":"ListItem","position":2,"name":"COPIE &#8211; Initiation course"}]},{"@type":"WebSite","@id":"https:\/\/www.airsportschamonix.fr\/en\/#website","url":"https:\/\/www.airsportschamonix.fr\/en\/","name":"Air Sports - Paragliding Chamonix Mont-Blanc","description":"Ecole de parapente sur Chamonix Mont-Blanc - Bapt\u00eames de l&#039;air- Stages - Boutique","publisher":{"@id":"https:\/\/www.airsportschamonix.fr\/en\/#organization"},"potentialAction":[{"@type":"SearchAction","target":{"@type":"EntryPoint","urlTemplate":"https:\/\/www.airsportschamonix.fr\/en\/?s={search_term_string}"},"query-input":{"@type":"PropertyValueSpecification","valueRequired":true,"valueName":"search_term_string"}}],"inLanguage":"en-US"},{"@type":"Organization","@id":"https:\/\/www.airsportschamonix.fr\/en\/#organization","name":"Air Sports Chamonix","alternateName":"Air Sports","url":"https:\/\/www.airsportschamonix.fr\/en\/","logo":{"@type":"ImageObject","inLanguage":"en-US","@id":"https:\/\/www.airsportschamonix.fr\/en\/#\/schema\/logo\/image\/","url":"https:\/\/www.airsportschamonix.fr\/wp-content\/uploads\/2023\/03\/LOGO-OFFICIEL-Moyenne.png","contentUrl":"https:\/\/www.airsportschamonix.fr\/wp-content\/uploads\/2023\/03\/LOGO-OFFICIEL-Moyenne.png","width":640,"height":425,"caption":"Air Sports Chamonix"},"image":{"@id":"https:\/\/www.airsportschamonix.fr\/en\/#\/schema\/logo\/image\/"},"sameAs":["https:\/\/www.facebook.com\/AirSportsChamonix\/","https:\/\/x.com\/airsportschx","https:\/\/www.instagram.com\/airsportschamonix\/"]}]}},"jetpack_sharing_enabled":true,"_links":{"self":[{"href":"https:\/\/www.airsportschamonix.fr\/en\/wp-json\/wp\/v2\/pages\/272229","targetHints":{"allow":["GET"]}}],"collection":[{"href":"https:\/\/www.airsportschamonix.fr\/en\/wp-json\/wp\/v2\/pages"}],"about":[{"href":"https:\/\/www.airsportschamonix.fr\/en\/wp-json\/wp\/v2\/types\/page"}],"author":[{"embeddable":true,"href":"https:\/\/www.airsportschamonix.fr\/en\/wp-json\/wp\/v2\/users\/1"}],"replies":[{"embeddable":true,"href":"https:\/\/www.airsportschamonix.fr\/en\/wp-json\/wp\/v2\/comments?post=272229"}],"version-history":[{"count":2,"href":"https:\/\/www.airsportschamonix.fr\/en\/wp-json\/wp\/v2\/pages\/272229\/revisions"}],"predecessor-version":[{"id":272231,"href":"https:\/\/www.airsportschamonix.fr\/en\/wp-json\/wp\/v2\/pages\/272229\/revisions\/272231"}],"up":[{"embeddable":true,"href":"https:\/\/www.airsportschamonix.fr\/en\/wp-json\/wp\/v2\/pages\/268896"}],"wp:attachment":[{"href":"https:\/\/www.airsportschamonix.fr\/en\/wp-json\/wp\/v2\/media?parent=272229"}],"curies":[{"name":"wp","href":"https:\/\/api.w.org\/{rel}","templated":true}]}}